{"id":5489,"date":"2023-07-21T13:25:36","date_gmt":"2023-07-21T13:25:36","guid":{"rendered":"https:\/\/sunrisehomes.es\/?post_type=product&#038;p=5489"},"modified":"2023-07-26T16:27:22","modified_gmt":"2023-07-26T16:27:22","slug":"sunrise-villa-maya-copia","status":"publish","type":"product","link":"https:\/\/sunrisehomes.es\/index.php\/producto\/sunrise-villa-maya-copia\/?lang=ca","title":{"rendered":"Sunrise Villa Anya"},"content":{"rendered":"\t\t<div data-elementor-type=\"wp-post\" data-elementor-id=\"5489\" class=\"elementor elementor-5489 elementor-5488\">\n\t\t\t\t\t\t<section class=\"elementor-section elementor-top-section elementor-element elementor-element-3597a552 elementor-section-boxed elementor-section-height-default elementor-section-height-default\" data-id=\"3597a552\" data-element_type=\"section\">\n\t\t\t\t\t\t<div class=\"elementor-container elementor-column-gap-default\">\n\t\t\t\t\t<div class=\"elementor-column elementor-col-100 elementor-top-column elementor-element elementor-element-51073407\" data-id=\"51073407\" data-element_type=\"column\">\n\t\t\t<div class=\"elementor-widget-wrap elementor-element-populated\">\n\t\t\t\t\t\t<section class=\"elementor-section elementor-inner-section elementor-element elementor-element-3bd2c0f6 elementor-section-boxed elementor-section-height-default elementor-section-height-default\" data-id=\"3bd2c0f6\" data-element_type=\"section\">\n\t\t\t\t\t\t<div class=\"elementor-container elementor-column-gap-default\">\n\t\t\t\t\t<div class=\"elementor-column elementor-col-25 elementor-inner-column elementor-element elementor-element-3aadff3f\" data-id=\"3aadff3f\" data-element_type=\"column\">\n\t\t\t<div class=\"elementor-widget-wrap elementor-element-populated\">\n\t\t\t\t\t\t<div class=\"elementor-element elementor-element-3e90241b elementor-view-default elementor-position-top elementor-mobile-position-top elementor-widget elementor-widget-icon-box\" data-id=\"3e90241b\" data-element_type=\"widget\" data-widget_type=\"icon-box.default\">\n\t\t\t\t<div class=\"elementor-widget-container\">\n\t\t\t\t\t\t\t<div class=\"elementor-icon-box-wrapper\">\n\n\t\t\t\t\t\t<div class=\"elementor-icon-box-icon\">\n\t\t\t\t<span  class=\"elementor-icon\">\n\t\t\t\t<i aria-hidden=\"true\" class=\"fas fa-home\"><\/i>\t\t\t\t<\/span>\n\t\t\t<\/div>\n\t\t\t\n\t\t\t\t\t\t<div class=\"elementor-icon-box-content\">\n\n\t\t\t\t\n\t\t\t\t\t\t\t\t\t<p class=\"elementor-icon-box-description\">\n\t\t\t\t\t\tAllotjament sencer i individual\t\t\t\t\t<\/p>\n\t\t\t\t\n\t\t\t<\/div>\n\t\t\t\n\t\t<\/div>\n\t\t\t\t\t\t<\/div>\n\t\t\t\t<\/div>\n\t\t\t\t\t<\/div>\n\t\t<\/div>\n\t\t\t\t<div class=\"elementor-column elementor-col-25 elementor-inner-column elementor-element elementor-element-118fcb3f\" data-id=\"118fcb3f\" data-element_type=\"column\">\n\t\t\t<div class=\"elementor-widget-wrap elementor-element-populated\">\n\t\t\t\t\t\t<div class=\"elementor-element elementor-element-e501c0b elementor-view-default elementor-position-top elementor-mobile-position-top elementor-widget elementor-widget-icon-box\" data-id=\"e501c0b\" data-element_type=\"widget\" data-widget_type=\"icon-box.default\">\n\t\t\t\t<div class=\"elementor-widget-container\">\n\t\t\t\t\t\t\t<div class=\"elementor-icon-box-wrapper\">\n\n\t\t\t\t\t\t<div class=\"elementor-icon-box-icon\">\n\t\t\t\t<span  class=\"elementor-icon\">\n\t\t\t\t<i aria-hidden=\"true\" class=\"fas fa-dog\"><\/i>\t\t\t\t<\/span>\n\t\t\t<\/div>\n\t\t\t\n\t\t\t\t\t\t<div class=\"elementor-icon-box-content\">\n\n\t\t\t\t\n\t\t\t\t\t\t\t\t\t<p class=\"elementor-icon-box-description\">\n\t\t\t\t\t\tAdmeten mascota\t\t\t\t\t<\/p>\n\t\t\t\t\n\t\t\t<\/div>\n\t\t\t\n\t\t<\/div>\n\t\t\t\t\t\t<\/div>\n\t\t\t\t<\/div>\n\t\t\t\t\t<\/div>\n\t\t<\/div>\n\t\t\t\t<div class=\"elementor-column elementor-col-25 elementor-inner-column elementor-element elementor-element-1500f701\" data-id=\"1500f701\" data-element_type=\"column\">\n\t\t\t<div class=\"elementor-widget-wrap elementor-element-populated\">\n\t\t\t\t\t\t<div class=\"elementor-element elementor-element-6f5df3d3 elementor-view-default elementor-position-top elementor-mobile-position-top elementor-widget elementor-widget-icon-box\" data-id=\"6f5df3d3\" data-element_type=\"widget\" data-widget_type=\"icon-box.default\">\n\t\t\t\t<div class=\"elementor-widget-container\">\n\t\t\t\t\t\t\t<div class=\"elementor-icon-box-wrapper\">\n\n\t\t\t\t\t\t<div class=\"elementor-icon-box-icon\">\n\t\t\t\t<span  class=\"elementor-icon\">\n\t\t\t\t<i aria-hidden=\"true\" class=\"fas fa-swimmer\"><\/i>\t\t\t\t<\/span>\n\t\t\t<\/div>\n\t\t\t\n\t\t\t\t\t\t<div class=\"elementor-icon-box-content\">\n\n\t\t\t\t\n\t\t\t\t\t\t\t\t\t<p class=\"elementor-icon-box-description\">\n\t\t\t\t\t\t1 Piscina<br>Climatitzada\t\t\t\t\t<\/p>\n\t\t\t\t\n\t\t\t<\/div>\n\t\t\t\n\t\t<\/div>\n\t\t\t\t\t\t<\/div>\n\t\t\t\t<\/div>\n\t\t\t\t\t<\/div>\n\t\t<\/div>\n\t\t\t\t<div class=\"elementor-column elementor-col-25 elementor-inner-column elementor-element elementor-element-163d85c6\" data-id=\"163d85c6\" data-element_type=\"column\">\n\t\t\t<div class=\"elementor-widget-wrap elementor-element-populated\">\n\t\t\t\t\t\t<div class=\"elementor-element elementor-element-41921d4 elementor-view-default elementor-position-top elementor-mobile-position-top elementor-widget elementor-widget-icon-box\" data-id=\"41921d4\" data-element_type=\"widget\" data-widget_type=\"icon-box.default\">\n\t\t\t\t<div class=\"elementor-widget-container\">\n\t\t\t\t\t\t\t<div class=\"elementor-icon-box-wrapper\">\n\n\t\t\t\t\t\t<div class=\"elementor-icon-box-icon\">\n\t\t\t\t<span  class=\"elementor-icon\">\n\t\t\t\t<i aria-hidden=\"true\" class=\"fas fa-users\"><\/i>\t\t\t\t<\/span>\n\t\t\t<\/div>\n\t\t\t\n\t\t\t\t\t\t<div class=\"elementor-icon-box-content\">\n\n\t\t\t\t\n\t\t\t\t\t\t\t\t\t<p class=\"elementor-icon-box-description\">\n\t\t\t\t\t\tper a 6 pax  <br>fins a 8 persones\t\t\t\t\t<\/p>\n\t\t\t\t\n\t\t\t<\/div>\n\t\t\t\n\t\t<\/div>\n\t\t\t\t\t\t<\/div>\n\t\t\t\t<\/div>\n\t\t\t\t\t<\/div>\n\t\t<\/div>\n\t\t\t\t\t<\/div>\n\t\t<\/section>\n\t\t\t\t<div class=\"elementor-element elementor-element-24307e2d elementor-widget elementor-widget-heading\" data-id=\"24307e2d\" data-element_type=\"widget\" data-widget_type=\"heading.default\">\n\t\t\t\t<div class=\"elementor-widget-container\">\n\t\t\t\t\t<h2 class=\"elementor-heading-title elementor-size-default\">Descripci\u00f3 de l'allotjament<\/h2>\t\t\t\t<\/div>\n\t\t\t\t<\/div>\n\t\t\t\t<div class=\"elementor-element elementor-element-413efd31 elementor-widget elementor-widget-text-editor\" data-id=\"413efd31\" data-element_type=\"widget\" data-widget_type=\"text-editor.default\">\n\t\t\t\t<div class=\"elementor-widget-container\">\n\t\t\t\t\t\t\t\t\t<p>El <b>Sunrise Villa Anya<\/b> \u00e9s a Miami Platja a prop de la platja. Ofereix allotjament <strong>per a 6 persones i amb sof\u00e0-llit per a 8 persones<\/strong> , amb piscina climatitzada<\/p>\n<p>Aquesta bonica vila \u00e9s perfecta per <b>escapades en fam\u00edlia.<\/b><span style=\"font-size: 18px; color: var( --e-global-color-text ); font-family: var( --e-global-typography-text-font-family ), Sans-serif;\"><b> <\/b><\/span>Compte amb 3 dormitoris dobles, 2 banys amb dutxa, Smart TV de pantalla plana i WIFI.  <\/p>\n<p>La cuina totalment equipada amb nevera, forn, rentadora i torradora.  <\/p>\n<p>A 300m es troba el centre de la ciutat, amb molt a oferir: bars, restaurants i botigues de tota mena. El supermercat m\u00e9s proper \u00e9s a tan sols 300 metres.<\/p>\n<p>A nom\u00e9s 20 minuts en cotxe hi ha el parc tem\u00e0tic m\u00e9s fam\u00f3s d&#8217;Espanya, Port Aventura, Salou i Tarragona.<\/p>\n\t\t\t\t\t\t\t\t<\/div>\n\t\t\t\t<\/div>\n\t\t\t\t<div class=\"elementor-element elementor-element-6afb3c3a elementor-widget elementor-widget-heading\" data-id=\"6afb3c3a\" data-element_type=\"widget\" data-widget_type=\"heading.default\">\n\t\t\t\t<div class=\"elementor-widget-container\">\n\t\t\t\t\t<h2 class=\"elementor-heading-title elementor-size-default\">Serveis inclosos<\/h2>\t\t\t\t<\/div>\n\t\t\t\t<\/div>\n\t\t\t\t<div class=\"elementor-element elementor-element-780dedde elementor-widget elementor-widget-text-editor\" data-id=\"780dedde\" data-element_type=\"widget\" data-widget_type=\"text-editor.default\">\n\t\t\t\t<div class=\"elementor-widget-container\">\n\t\t\t\t\t\t\t\t\t<ul>\n<li>Aparcament privat<\/li>\n<li>Toavalloles<\/li>\n<li>Llen\u00e7ols<\/li>\n<li>Calefacci\u00f3<\/li>\n<li>Aire condicionada<\/li>\n<li>Televisi\u00f3<\/li>\n<li>Ventiladors dormitoris<\/li>\n<li>Nevera<\/li>\n<li>Cuina<\/li>\n<li>Microones<\/li>\n<li>Cafetera<\/li>\n<li>Torradora<\/li>\n<li>Rentadora<\/li>\n<li>WIFI<\/li>\n<\/ul>\n\t\t\t\t\t\t\t\t<\/div>\n\t\t\t\t<\/div>\n\t\t\t\t<div class=\"elementor-element elementor-element-190dbead elementor-widget elementor-widget-heading\" data-id=\"190dbead\" data-element_type=\"widget\" data-widget_type=\"heading.default\">\n\t\t\t\t<div class=\"elementor-widget-container\">\n\t\t\t\t\t<h2 class=\"elementor-heading-title elementor-size-default\">Serveis amb suplement<\/h2>\t\t\t\t<\/div>\n\t\t\t\t<\/div>\n\t\t\t\t<div class=\"elementor-element elementor-element-6f8fcf70 elementor-widget elementor-widget-text-editor\" data-id=\"6f8fcf70\" data-element_type=\"widget\" data-widget_type=\"text-editor.default\">\n\t\t\t\t<div class=\"elementor-widget-container\">\n\t\t\t\t\t\t\t\t\t<div> <\/div>\n<ul>\n<li>Es requereix pagament \u00fanica de 125\u20ac per a tota l&#8217;estada: per a neteja, llen\u00e7ols i tovalloles,<\/li>\n<li>En cas de 7 o 8 persones hi ha un suplement de 15\/dia per a 7 persones i 25\u20ac per a 8 persones<\/li>\n<li>En cas de portar gos hi ha un suplement de 5\u20ac\/dia<\/li>\n<\/ul>\n\t\t\t\t\t\t\t\t<\/div>\n\t\t\t\t<\/div>\n\t\t\t\t<div class=\"elementor-element elementor-element-431478aa elementor-widget elementor-widget-heading\" data-id=\"431478aa\" data-element_type=\"widget\" data-widget_type=\"heading.default\">\n\t\t\t\t<div class=\"elementor-widget-container\">\n\t\t\t\t\t<h2 class=\"elementor-heading-title elementor-size-default\">Reserves i tarifes<\/h2>\t\t\t\t<\/div>\n\t\t\t\t<\/div>\n\t\t\t\t<div class=\"elementor-element elementor-element-2a96d3e3 elementor-widget elementor-widget-text-editor\" data-id=\"2a96d3e3\" data-element_type=\"widget\" data-widget_type=\"text-editor.default\">\n\t\t\t\t<div class=\"elementor-widget-container\">\n\t\t\t\t\t\t\t\t\t<p>Les reserves es gestionen a trav\u00e9s de <b>WhatsApp<\/b> (fer clic a la icona verda de WhatsApp) o enviant un correu electr\u00f2nic a info@sunrisehomes.es<\/p>\n<p>Un cop confirmada la disponibilitat es realitzar\u00e0 el primer pagament&nbsp; (50% del total). La resta del pagament es far\u00e0 efectiu en arribar.&nbsp;<\/p>\n\t\t\t\t\t\t\t\t<\/div>\n\t\t\t\t<\/div>\n\t\t\t\t<div class=\"elementor-element elementor-element-4e53d25 elementor-widget elementor-widget-toggle\" data-id=\"4e53d25\" data-element_type=\"widget\" data-widget_type=\"toggle.default\">\n\t\t\t\t<div class=\"elementor-widget-container\">\n\t\t\t\t\t\t\t<div class=\"elementor-toggle\">\n\t\t\t\t\t\t\t<div class=\"elementor-toggle-item\">\n\t\t\t\t\t<div id=\"elementor-tab-title-8211\" class=\"elementor-tab-title\" data-tab=\"1\" role=\"button\" aria-controls=\"elementor-tab-content-8211\" aria-expanded=\"false\">\n\t\t\t\t\t\t\t\t\t\t\t\t<span class=\"elementor-toggle-icon elementor-toggle-icon-left\" aria-hidden=\"true\">\n\t\t\t\t\t\t\t\t\t\t\t\t\t\t\t<span class=\"elementor-toggle-icon-closed\"><i class=\"fas fa-caret-right\"><\/i><\/span>\n\t\t\t\t\t\t\t\t<span class=\"elementor-toggle-icon-opened\"><i class=\"elementor-toggle-icon-opened fas fa-caret-up\"><\/i><\/span>\n\t\t\t\t\t\t\t\t\t\t\t\t\t<\/span>\n\t\t\t\t\t\t\t\t\t\t\t\t<a class=\"elementor-toggle-title\" tabindex=\"0\">Condicions de reserva<\/a>\n\t\t\t\t\t<\/div>\n\n\t\t\t\t\t<div id=\"elementor-tab-content-8211\" class=\"elementor-tab-content elementor-clearfix\" data-tab=\"1\" role=\"region\" aria-labelledby=\"elementor-tab-title-8211\"><div> <\/div>\n<ul>\n<li>Depenent de la temporada, hi ha un m\u00ednim de nits per reservar: d&#8217;octubre a maig, 2 nits; juny i setembre, 3 nits; juliol i agost, 5 nits.<\/li>\n<li>Per confirmar la reserva, se li demanar\u00e0 fer un pagament per avan\u00e7at. Equivalent al 50% del total de la reserva (sense incloure-hi la neteja i altres serveis extres).<\/li>\n<li>La resta del pagament, conjuntament amb la neteja i els serveis extres que hi hagi incl\u00f2s, s&#8217;abonaran a l&#8217;arribada.<\/li>\n<li>El pagament a l&#8217;arribada es pot fer amb targeta de cr\u00e8dit\/d\u00e8bit o efectiu.<\/li>\n<li>El pagament per avan\u00e7at es pot fer amb targeta de cr\u00e8dit\/d\u00e8bit, Bizum o transfer\u00e8ncia banc\u00e0ria. <\/li>\n<\/ul>\n<\/div>\n\t\t\t\t<\/div>\n\t\t\t\t\t\t\t\t<\/div>\n\t\t\t\t\t\t<\/div>\n\t\t\t\t<\/div>\n\t\t\t\t<div class=\"elementor-element elementor-element-8c7831c elementor-widget elementor-widget-toggle\" data-id=\"8c7831c\" data-element_type=\"widget\" data-widget_type=\"toggle.default\">\n\t\t\t\t<div class=\"elementor-widget-container\">\n\t\t\t\t\t\t\t<div class=\"elementor-toggle\">\n\t\t\t\t\t\t\t<div class=\"elementor-toggle-item\">\n\t\t\t\t\t<div id=\"elementor-tab-title-1471\" class=\"elementor-tab-title\" data-tab=\"1\" role=\"button\" aria-controls=\"elementor-tab-content-1471\" aria-expanded=\"false\">\n\t\t\t\t\t\t\t\t\t\t\t\t<span class=\"elementor-toggle-icon elementor-toggle-icon-left\" aria-hidden=\"true\">\n\t\t\t\t\t\t\t\t\t\t\t\t\t\t\t<span class=\"elementor-toggle-icon-closed\"><i class=\"fas fa-caret-right\"><\/i><\/span>\n\t\t\t\t\t\t\t\t<span class=\"elementor-toggle-icon-opened\"><i class=\"elementor-toggle-icon-opened fas fa-caret-up\"><\/i><\/span>\n\t\t\t\t\t\t\t\t\t\t\t\t\t<\/span>\n\t\t\t\t\t\t\t\t\t\t\t\t<a class=\"elementor-toggle-title\" tabindex=\"0\">Pol\u00edtica de cancel\u00b7laci\u00f3<\/a>\n\t\t\t\t\t<\/div>\n\n\t\t\t\t\t<div id=\"elementor-tab-content-1471\" class=\"elementor-tab-content elementor-clearfix\" data-tab=\"1\" role=\"region\" aria-labelledby=\"elementor-tab-title-1471\"><ul>\n<li> Se li retornar\u00e0 el pagament per avan\u00e7at, si la cancel\u00b7laci\u00f3 es fa amb una antelaci\u00f3 de m\u00e9s de 2 setmanes en les reserves del 1 de setembre al 30 de juny.<\/li>\n<li>Si la reserva compr\u00e8n les dates del 1 de juliol al 30 d&#8217;agost, la cancel\u00b7laci\u00f3 s&#8217;ha de fer amb un m\u00ednim de 30 dies d&#8217;antelaci\u00f3.<\/li>\n<\/ul>\n<\/div>\n\t\t\t\t<\/div>\n\t\t\t\t\t\t\t\t<\/div>\n\t\t\t\t\t\t<\/div>\n\t\t\t\t<\/div>\n\t\t\t\t\t<\/div>\n\t\t<\/div>\n\t\t\t\t\t<\/div>\n\t\t<\/section>\n\t\t\t\t<section class=\"elementor-section elementor-top-section elementor-element elementor-element-1801e349 elementor-section-boxed elementor-section-height-default elementor-section-height-default\" data-id=\"1801e349\" data-element_type=\"section\">\n\t\t\t\t\t\t<div class=\"elementor-container elementor-column-gap-default\">\n\t\t\t\t\t<div class=\"elementor-column elementor-col-100 elementor-top-column elementor-element elementor-element-2102f60\" data-id=\"2102f60\" data-element_type=\"column\">\n\t\t\t<div class=\"elementor-widget-wrap elementor-element-populated\">\n\t\t\t\t\t\t<div class=\"elementor-element elementor-element-c0e72d6 elementor-widget elementor-widget-heading\" data-id=\"c0e72d6\" data-element_type=\"widget\" data-widget_type=\"heading.default\">\n\t\t\t\t<div class=\"elementor-widget-container\">\n\t\t\t\t\t<h2 class=\"elementor-heading-title elementor-size-default\">Reserva la teva estada amb WhatsApp <img decoding=\"async\" role=\"img\" class=\"emoji\" alt=\"\u2198\ufe0f\" src=\"https:\/\/s.w.org\/images\/core\/emoji\/13.0.1\/svg\/2198.svg\"><\/h2>\t\t\t\t<\/div>\n\t\t\t\t<\/div>\n\t\t\t\t\t<\/div>\n\t\t<\/div>\n\t\t\t\t\t<\/div>\n\t\t<\/section>\n\t\t\t\t<section class=\"elementor-section elementor-top-section elementor-element elementor-element-70bb7734 elementor-section-boxed elementor-section-height-default elementor-section-height-default\" data-id=\"70bb7734\" data-element_type=\"section\">\n\t\t\t\t\t\t<div class=\"elementor-container elementor-column-gap-default\">\n\t\t\t\t\t<div class=\"elementor-column elementor-col-100 elementor-top-column elementor-element elementor-element-7311d7d1\" data-id=\"7311d7d1\" data-element_type=\"column\">\n\t\t\t<div class=\"elementor-widget-wrap elementor-element-populated\">\n\t\t\t\t\t\t<div class=\"elementor-element elementor-element-3deea896 elementor-widget elementor-widget-heading\" data-id=\"3deea896\" data-element_type=\"widget\" data-widget_type=\"heading.default\">\n\t\t\t\t<div class=\"elementor-widget-container\">\n\t\t\t\t\t<h3 class=\"elementor-heading-title elementor-size-default\">Valoraciones de clientes<\/h3>\t\t\t\t<\/div>\n\t\t\t\t<\/div>\n\t\t\t\t\t<\/div>\n\t\t<\/div>\n\t\t\t\t\t<\/div>\n\t\t<\/section>\n\t\t\t\t<section class=\"elementor-section elementor-top-section elementor-element elementor-element-846e98e elementor-section-boxed elementor-section-height-default elementor-section-height-default\" data-id=\"846e98e\" data-element_type=\"section\">\n\t\t\t\t\t\t<div class=\"elementor-container elementor-column-gap-default\">\n\t\t\t\t\t<div class=\"elementor-column elementor-col-100 elementor-top-column elementor-element elementor-element-8ae35ed\" data-id=\"8ae35ed\" data-element_type=\"column\">\n\t\t\t<div class=\"elementor-widget-wrap elementor-element-populated\">\n\t\t\t\t\t\t<div class=\"elementor-element elementor-element-f37f11f elementor-widget elementor-widget-text-editor\" data-id=\"f37f11f\" data-element_type=\"widget\" data-widget_type=\"text-editor.default\">\n\t\t\t\t<div class=\"elementor-widget-container\">\n\t\t\t\t\t\t\t\t\t<h4 style=\"text-align: center;\">Llic\u00e8ncia&nbsp; HUTT-<\/h4>\n\t\t\t\t\t\t\t\t<\/div>\n\t\t\t\t<\/div>\n\t\t\t\t\t<\/div>\n\t\t<\/div>\n\t\t\t\t\t<\/div>\n\t\t<\/section>\n\t\t\t\t<\/div>\n\t\t","protected":false},"excerpt":{"rendered":"<p>Sunrise Villa Anya \u00e9s perfecte per a <strong>fam\u00edlies<\/strong> que volen gaudir d&#8217;uns dies a prop del mar. La vila est\u00e0 situada a 200 metres de la platja, en una zona molt tranquil\u00b7la, amb piscina privada. T\u00e9 tres habitacions, 2 amb llits de matrimoni i 1 amb llits individuals. T\u00e9 al sal\u00f3 un sofacama per a 2. Hi ha 2 banys amb dutxa. El sal\u00f3 menjador i cuina \u00e9s espai\u00f3s. La terrassa i la barbacoa s\u00f3n just al costat.<\/p>\n<p>Una <strong>oportunitat fant\u00e0stica per a escapada de pocs dies o per a les vacances.<\/strong> Vine amb la teva fam\u00edlia a Miami Platja!<\/p>\n<p>RESERVES DISPONIBLES MITJAN\u00c7ANT WHATSAPP<\/p>\n","protected":false},"featured_media":5501,"comment_status":"open","ping_status":"closed","template":"","meta":{"site-sidebar-layout":"no-sidebar","site-content-layout":"page-builder","ast-site-content-layout":"default","site-content-style":"default","site-sidebar-style":"default","ast-global-header-display":"","ast-banner-title-visibility":"","ast-main-header-display":"","ast-hfb-above-header-display":"","ast-hfb-below-header-display":"","ast-hfb-mobile-header-display":"","site-post-title":"disabled","ast-breadcrumbs-content":"","ast-featured-img":"disabled","footer-sml-layout":"","theme-transparent-header-meta":"default","adv-header-id-meta":"","stick-header-meta":"","header-above-stick-meta":"","header-main-stick-meta":"","header-below-stick-meta":"","astra-migrate-meta-layouts":"default","ast-page-background-enabled":"default","ast-page-background-meta":{"desktop":{"background-color":"","background-image":"","background-repeat":"repeat","background-position":"center center","background-size":"auto","background-attachment":"scroll","background-type":"","background-media":"","overlay-type":"","overlay-color":"","overlay-opacity":"","overlay-gradient":""},"tablet":{"background-color":"","background-image":"","background-repeat":"repeat","background-position":"center center","background-size":"auto","background-attachment":"scroll","background-type":"","background-media":"","overlay-type":"","overlay-color":"","overlay-opacity":"","overlay-gradient":""},"mobile":{"background-color":"","background-image":"","background-repeat":"repeat","background-position":"center center","background-size":"auto","background-attachment":"scroll","background-type":"","background-media":"","overlay-type":"","overlay-color":"","overlay-opacity":"","overlay-gradient":""}},"ast-content-background-meta":{"desktop":{"background-color":"var(--ast-global-color-5)","background-image":"","background-repeat":"repeat","background-position":"center center","background-size":"auto","background-attachment":"scroll","background-type":"","background-media":"","overlay-type":"","overlay-color":"","overlay-opacity":"","overlay-gradient":""},"tablet":{"background-color":"var(--ast-global-color-5)","background-image":"","background-repeat":"repeat","background-position":"center center","background-size":"auto","background-attachment":"scroll","background-type":"","background-media":"","overlay-type":"","overlay-color":"","overlay-opacity":"","overlay-gradient":""},"mobile":{"background-color":"var(--ast-global-color-5)","background-image":"","background-repeat":"repeat","background-position":"center center","background-size":"auto","background-attachment":"scroll","background-type":"","background-media":"","overlay-type":"","overlay-color":"","overlay-opacity":"","overlay-gradient":""}},"_joinchat":[]},"product_brand":[],"product_cat":[52],"product_tag":[],"class_list":{"0":"post-5489","1":"product","2":"type-product","3":"status-publish","4":"has-post-thumbnail","6":"product_cat-apartaments-costa-daurada","7":"desktop-align-left","8":"tablet-align-left","9":"mobile-align-left","11":"first","12":"instock","13":"virtual","14":"product-type-simple"},"yoast_head":"<!-- This site is optimized with the Yoast SEO plugin v26.1.1 - https:\/\/yoast.com\/wordpress\/plugins\/seo\/ -->\n<title>Sunrise Villa Anya - Sunrise Homes<\/title>\n<meta name=\"robots\" content=\"index, follow, max-snippet:-1, max-image-preview:large, max-video-preview:-1\" \/>\n<link rel=\"canonical\" href=\"https:\/\/sunrisehomes.es\/index.php\/producto\/sunrise-villa-maya-copia\/\" \/>\n<meta property=\"og:locale\" content=\"es_ES\" \/>\n<meta property=\"og:type\" content=\"article\" \/>\n<meta property=\"og:title\" content=\"Sunrise Villa Anya - Sunrise Homes\" \/>\n<meta property=\"og:description\" content=\"Sunrise Villa Anya \u00e9s perfecte per a fam\u00edlies que volen gaudir d&#039;uns dies a prop del mar. La vila est\u00e0 situada a 200 metres de la platja, en una zona molt tranquil\u00b7la, amb piscina privada. T\u00e9 tres habitacions, 2 amb llits de matrimoni i 1 amb llits individuals. T\u00e9 al sal\u00f3 un sofacama per a 2. Hi ha 2 banys amb dutxa. El sal\u00f3 menjador i cuina \u00e9s espai\u00f3s. La terrassa i la barbacoa s\u00f3n just al costat. Una oportunitat fant\u00e0stica per a escapada de pocs dies o per a les vacances. Vine amb la teva fam\u00edlia a Miami Platja! RESERVES DISPONIBLES MITJAN\u00c7ANT WHATSAPP\" \/>\n<meta property=\"og:url\" content=\"https:\/\/sunrisehomes.es\/index.php\/producto\/sunrise-villa-maya-copia\/?lang=ca\" \/>\n<meta property=\"og:site_name\" content=\"Sunrise Homes\" \/>\n<meta property=\"article:modified_time\" content=\"2023-07-26T16:27:22+00:00\" \/>\n<meta property=\"og:image\" content=\"https:\/\/sunrisehomes.es\/wp-content\/uploads\/2023\/07\/Imagen-de-WhatsApp-2023-07-19-piscina-2.jpg\" \/>\n\t<meta property=\"og:image:width\" content=\"1020\" \/>\n\t<meta property=\"og:image:height\" content=\"765\" \/>\n\t<meta property=\"og:image:type\" content=\"image\/jpeg\" \/>\n<meta name=\"twitter:card\" content=\"summary_large_image\" \/>\n<meta name=\"twitter:label1\" content=\"Tiempo de lectura\" \/>\n\t<meta name=\"twitter:data1\" content=\"2 minutos\" \/>\n<script type=\"application\/ld+json\" class=\"yoast-schema-graph\">{\"@context\":\"https:\/\/schema.org\",\"@graph\":[{\"@type\":\"WebPage\",\"@id\":\"https:\/\/sunrisehomes.es\/index.php\/producto\/sunrise-villa-maya-copia\/?lang=ca\",\"url\":\"https:\/\/sunrisehomes.es\/index.php\/producto\/sunrise-villa-maya-copia\/?lang=ca\",\"name\":\"Sunrise Villa Anya - Sunrise Homes\",\"isPartOf\":{\"@id\":\"https:\/\/sunrisehomes.es\/#website\"},\"primaryImageOfPage\":{\"@id\":\"https:\/\/sunrisehomes.es\/index.php\/producto\/sunrise-villa-maya-copia\/?lang=ca#primaryimage\"},\"image\":{\"@id\":\"https:\/\/sunrisehomes.es\/index.php\/producto\/sunrise-villa-maya-copia\/?lang=ca#primaryimage\"},\"thumbnailUrl\":\"https:\/\/sunrisehomes.es\/wp-content\/uploads\/2023\/07\/Imagen-de-WhatsApp-2023-07-19-piscina-2.jpg\",\"datePublished\":\"2023-07-21T13:25:36+00:00\",\"dateModified\":\"2023-07-26T16:27:22+00:00\",\"breadcrumb\":{\"@id\":\"https:\/\/sunrisehomes.es\/index.php\/producto\/sunrise-villa-maya-copia\/?lang=ca#breadcrumb\"},\"inLanguage\":\"es\",\"potentialAction\":[{\"@type\":\"ReadAction\",\"target\":[\"https:\/\/sunrisehomes.es\/index.php\/producto\/sunrise-villa-maya-copia\/?lang=ca\"]}]},{\"@type\":\"ImageObject\",\"inLanguage\":\"es\",\"@id\":\"https:\/\/sunrisehomes.es\/index.php\/producto\/sunrise-villa-maya-copia\/?lang=ca#primaryimage\",\"url\":\"https:\/\/sunrisehomes.es\/wp-content\/uploads\/2023\/07\/Imagen-de-WhatsApp-2023-07-19-piscina-2.jpg\",\"contentUrl\":\"https:\/\/sunrisehomes.es\/wp-content\/uploads\/2023\/07\/Imagen-de-WhatsApp-2023-07-19-piscina-2.jpg\",\"width\":1020,\"height\":765},{\"@type\":\"BreadcrumbList\",\"@id\":\"https:\/\/sunrisehomes.es\/index.php\/producto\/sunrise-villa-maya-copia\/?lang=ca#breadcrumb\",\"itemListElement\":[{\"@type\":\"ListItem\",\"position\":1,\"name\":\"Portada\",\"item\":\"https:\/\/sunrisehomes.es\/\"},{\"@type\":\"ListItem\",\"position\":2,\"name\":\"Alojamientos\",\"item\":\"https:\/\/sunrisehomes.es\/index.php\/alojamientos\/\"},{\"@type\":\"ListItem\",\"position\":3,\"name\":\"Sunrise Villa Anya\"}]},{\"@type\":\"WebSite\",\"@id\":\"https:\/\/sunrisehomes.es\/#website\",\"url\":\"https:\/\/sunrisehomes.es\/\",\"name\":\"Sunrise Homes\",\"description\":\"Casas y apartamentos turisticos cerca de barcelona y la costa daurada\",\"publisher\":{\"@id\":\"https:\/\/sunrisehomes.es\/#organization\"},\"potentialAction\":[{\"@type\":\"SearchAction\",\"target\":{\"@type\":\"EntryPoint\",\"urlTemplate\":\"https:\/\/sunrisehomes.es\/?s={search_term_string}\"},\"query-input\":{\"@type\":\"PropertyValueSpecification\",\"valueRequired\":true,\"valueName\":\"search_term_string\"}}],\"inLanguage\":\"es\"},{\"@type\":\"Organization\",\"@id\":\"https:\/\/sunrisehomes.es\/#organization\",\"name\":\"Sunrise Homes\",\"url\":\"https:\/\/sunrisehomes.es\/\",\"logo\":{\"@type\":\"ImageObject\",\"inLanguage\":\"es\",\"@id\":\"https:\/\/sunrisehomes.es\/#\/schema\/logo\/image\/\",\"url\":\"https:\/\/sunrisehomes.es\/wp-content\/uploads\/2020\/10\/Logo_sunrise-homes-02-3.png\",\"contentUrl\":\"https:\/\/sunrisehomes.es\/wp-content\/uploads\/2020\/10\/Logo_sunrise-homes-02-3.png\",\"width\":1851,\"height\":363,\"caption\":\"Sunrise Homes\"},\"image\":{\"@id\":\"https:\/\/sunrisehomes.es\/#\/schema\/logo\/image\/\"}}]}<\/script>\n<!-- \/ Yoast SEO plugin. -->","yoast_head_json":{"title":"Sunrise Villa Anya - Sunrise Homes","robots":{"index":"index","follow":"follow","max-snippet":"max-snippet:-1","max-image-preview":"max-image-preview:large","max-video-preview":"max-video-preview:-1"},"canonical":"https:\/\/sunrisehomes.es\/index.php\/producto\/sunrise-villa-maya-copia\/","og_locale":"es_ES","og_type":"article","og_title":"Sunrise Villa Anya - Sunrise Homes","og_description":"Sunrise Villa Anya \u00e9s perfecte per a fam\u00edlies que volen gaudir d'uns dies a prop del mar. La vila est\u00e0 situada a 200 metres de la platja, en una zona molt tranquil\u00b7la, amb piscina privada. T\u00e9 tres habitacions, 2 amb llits de matrimoni i 1 amb llits individuals. T\u00e9 al sal\u00f3 un sofacama per a 2. Hi ha 2 banys amb dutxa. El sal\u00f3 menjador i cuina \u00e9s espai\u00f3s. La terrassa i la barbacoa s\u00f3n just al costat. Una oportunitat fant\u00e0stica per a escapada de pocs dies o per a les vacances. Vine amb la teva fam\u00edlia a Miami Platja! RESERVES DISPONIBLES MITJAN\u00c7ANT WHATSAPP","og_url":"https:\/\/sunrisehomes.es\/index.php\/producto\/sunrise-villa-maya-copia\/?lang=ca","og_site_name":"Sunrise Homes","article_modified_time":"2023-07-26T16:27:22+00:00","og_image":[{"width":1020,"height":765,"url":"https:\/\/sunrisehomes.es\/wp-content\/uploads\/2023\/07\/Imagen-de-WhatsApp-2023-07-19-piscina-2.jpg","type":"image\/jpeg"}],"twitter_card":"summary_large_image","twitter_misc":{"Tiempo de lectura":"2 minutos"},"schema":{"@context":"https:\/\/schema.org","@graph":[{"@type":"WebPage","@id":"https:\/\/sunrisehomes.es\/index.php\/producto\/sunrise-villa-maya-copia\/?lang=ca","url":"https:\/\/sunrisehomes.es\/index.php\/producto\/sunrise-villa-maya-copia\/?lang=ca","name":"Sunrise Villa Anya - Sunrise Homes","isPartOf":{"@id":"https:\/\/sunrisehomes.es\/#website"},"primaryImageOfPage":{"@id":"https:\/\/sunrisehomes.es\/index.php\/producto\/sunrise-villa-maya-copia\/?lang=ca#primaryimage"},"image":{"@id":"https:\/\/sunrisehomes.es\/index.php\/producto\/sunrise-villa-maya-copia\/?lang=ca#primaryimage"},"thumbnailUrl":"https:\/\/sunrisehomes.es\/wp-content\/uploads\/2023\/07\/Imagen-de-WhatsApp-2023-07-19-piscina-2.jpg","datePublished":"2023-07-21T13:25:36+00:00","dateModified":"2023-07-26T16:27:22+00:00","breadcrumb":{"@id":"https:\/\/sunrisehomes.es\/index.php\/producto\/sunrise-villa-maya-copia\/?lang=ca#breadcrumb"},"inLanguage":"es","potentialAction":[{"@type":"ReadAction","target":["https:\/\/sunrisehomes.es\/index.php\/producto\/sunrise-villa-maya-copia\/?lang=ca"]}]},{"@type":"ImageObject","inLanguage":"es","@id":"https:\/\/sunrisehomes.es\/index.php\/producto\/sunrise-villa-maya-copia\/?lang=ca#primaryimage","url":"https:\/\/sunrisehomes.es\/wp-content\/uploads\/2023\/07\/Imagen-de-WhatsApp-2023-07-19-piscina-2.jpg","contentUrl":"https:\/\/sunrisehomes.es\/wp-content\/uploads\/2023\/07\/Imagen-de-WhatsApp-2023-07-19-piscina-2.jpg","width":1020,"height":765},{"@type":"BreadcrumbList","@id":"https:\/\/sunrisehomes.es\/index.php\/producto\/sunrise-villa-maya-copia\/?lang=ca#breadcrumb","itemListElement":[{"@type":"ListItem","position":1,"name":"Portada","item":"https:\/\/sunrisehomes.es\/"},{"@type":"ListItem","position":2,"name":"Alojamientos","item":"https:\/\/sunrisehomes.es\/index.php\/alojamientos\/"},{"@type":"ListItem","position":3,"name":"Sunrise Villa Anya"}]},{"@type":"WebSite","@id":"https:\/\/sunrisehomes.es\/#website","url":"https:\/\/sunrisehomes.es\/","name":"Sunrise Homes","description":"Casas y apartamentos turisticos cerca de barcelona y la costa daurada","publisher":{"@id":"https:\/\/sunrisehomes.es\/#organization"},"potentialAction":[{"@type":"SearchAction","target":{"@type":"EntryPoint","urlTemplate":"https:\/\/sunrisehomes.es\/?s={search_term_string}"},"query-input":{"@type":"PropertyValueSpecification","valueRequired":true,"valueName":"search_term_string"}}],"inLanguage":"es"},{"@type":"Organization","@id":"https:\/\/sunrisehomes.es\/#organization","name":"Sunrise Homes","url":"https:\/\/sunrisehomes.es\/","logo":{"@type":"ImageObject","inLanguage":"es","@id":"https:\/\/sunrisehomes.es\/#\/schema\/logo\/image\/","url":"https:\/\/sunrisehomes.es\/wp-content\/uploads\/2020\/10\/Logo_sunrise-homes-02-3.png","contentUrl":"https:\/\/sunrisehomes.es\/wp-content\/uploads\/2020\/10\/Logo_sunrise-homes-02-3.png","width":1851,"height":363,"caption":"Sunrise Homes"},"image":{"@id":"https:\/\/sunrisehomes.es\/#\/schema\/logo\/image\/"}}]}},"_links":{"self":[{"href":"https:\/\/sunrisehomes.es\/index.php\/wp-json\/wp\/v2\/product\/5489","targetHints":{"allow":["GET"]}}],"collection":[{"href":"https:\/\/sunrisehomes.es\/index.php\/wp-json\/wp\/v2\/product"}],"about":[{"href":"https:\/\/sunrisehomes.es\/index.php\/wp-json\/wp\/v2\/types\/product"}],"replies":[{"embeddable":true,"href":"https:\/\/sunrisehomes.es\/index.php\/wp-json\/wp\/v2\/comments?post=5489"}],"version-history":[{"count":5,"href":"https:\/\/sunrisehomes.es\/index.php\/wp-json\/wp\/v2\/product\/5489\/revisions"}],"predecessor-version":[{"id":5627,"href":"https:\/\/sunrisehomes.es\/index.php\/wp-json\/wp\/v2\/product\/5489\/revisions\/5627"}],"wp:featuredmedia":[{"embeddable":true,"href":"https:\/\/sunrisehomes.es\/index.php\/wp-json\/wp\/v2\/media\/5501"}],"wp:attachment":[{"href":"https:\/\/sunrisehomes.es\/index.php\/wp-json\/wp\/v2\/media?parent=5489"}],"wp:term":[{"taxonomy":"product_brand","embeddable":true,"href":"https:\/\/sunrisehomes.es\/index.php\/wp-json\/wp\/v2\/product_brand?post=5489"},{"taxonomy":"product_cat","embeddable":true,"href":"https:\/\/sunrisehomes.es\/index.php\/wp-json\/wp\/v2\/product_cat?post=5489"},{"taxonomy":"product_tag","embeddable":true,"href":"https:\/\/sunrisehomes.es\/index.php\/wp-json\/wp\/v2\/product_tag?post=5489"}],"curies":[{"name":"wp","href":"https:\/\/api.w.org\/{rel}","templated":true}]}}